{"id":1988,"date":"2020-07-14T12:41:40","date_gmt":"2020-07-14T10:41:40","guid":{"rendered":"https:\/\/aeridemontserrat.com\/?page_id=1988"},"modified":"2026-04-27T16:08:05","modified_gmt":"2026-04-27T14:08:05","slug":"montserrat","status":"publish","type":"page","link":"https:\/\/aeridemontserrat.com\/es\/montserrat\/","title":{"rendered":"Milenario de Montserrat"},"content":{"rendered":"\t\t<div data-elementor-type=\"wp-page\" data-elementor-id=\"1988\" class=\"elementor elementor-1988 elementor-843\">\n\t\t\t\t\t\t<section class=\"elementor-section elementor-top-section elementor-element elementor-element-844d525 elementor-section-boxed elementor-section-height-default elementor-section-height-default parallax_section_no qode_elementor_container_no\" data-id=\"844d525\" data-element_type=\"section\">\n\t\t\t\t\t\t<div class=\"elementor-container elementor-column-gap-default\">\n\t\t\t\t\t<div class=\"elementor-column elementor-col-50 elementor-top-column elementor-element elementor-element-6493cd8\" data-id=\"6493cd8\" data-element_type=\"column\">\n\t\t\t<div class=\"elementor-widget-wrap elementor-element-populated\">\n\t\t\t\t\t\t<div class=\"elementor-element elementor-element-19995b5 elementor-widget elementor-widget-image\" data-id=\"19995b5\" data-element_type=\"widget\" data-widget_type=\"image.default\">\n\t\t\t\t<div class=\"elementor-widget-container\">\n\t\t\t\t\t\t\t\t\t\t\t\t\t\t\t<img decoding=\"async\" src=\"https:\/\/aeridemontserrat.com\/wp-content\/uploads\/elementor\/thumbs\/Untitled-Made-with-FlexClip-11-1-rhqmwwm2elri1nud6awman728bt7vapvqr7yo76f8u.png\" title=\"Untitled-Made with FlexClip (11)\" alt=\"Montserrat\" loading=\"lazy\" \/>\t\t\t\t\t\t\t\t\t\t\t\t\t\t\t<\/div>\n\t\t\t\t<\/div>\n\t\t\t\t\t<\/div>\n\t\t<\/div>\n\t\t\t\t<div class=\"elementor-column elementor-col-50 elementor-top-column elementor-element elementor-element-e8f86b6\" data-id=\"e8f86b6\" data-element_type=\"column\">\n\t\t\t<div class=\"elementor-widget-wrap elementor-element-populated\">\n\t\t\t\t\t\t<div class=\"elementor-element elementor-element-380dafc elementor-widget elementor-widget-heading\" data-id=\"380dafc\" data-element_type=\"widget\" data-widget_type=\"heading.default\">\n\t\t\t\t<div class=\"elementor-widget-container\">\n\t\t\t\t\t<p class=\"elementor-heading-title elementor-size-default\">HISTORIA DE MONTSERRAT: S\u00edmbolo espiritual y natural de Catalu\u00f1a <\/p>\t\t\t\t<\/div>\n\t\t\t\t<\/div>\n\t\t\t\t<div class=\"elementor-element elementor-element-f5d2d3a elementor-widget elementor-widget-text-editor\" data-id=\"f5d2d3a\" data-element_type=\"widget\" data-widget_type=\"text-editor.default\">\n\t\t\t\t<div class=\"elementor-widget-container\">\n\t\t\t\t\t\t\t\t\t<p>El macizo de Montserrat es uno de los lugares m\u00e1s emblem\u00e1ticos de Catalu\u00f1a, tanto por su singular formaci\u00f3n geol\u00f3gica como por su profunda importancia cultural y espiritual. Ha sido durante siglos, punto de peregrinaci\u00f3n, cultura y tradici\u00f3n.<\/p>\t\t\t\t\t\t\t\t<\/div>\n\t\t\t\t<\/div>\n\t\t\t\t\t<\/div>\n\t\t<\/div>\n\t\t\t\t\t<\/div>\n\t\t<\/section>\n\t\t\t\t<section class=\"elementor-section elementor-top-section elementor-element elementor-element-16d130d elementor-reverse-mobile elementor-section-boxed elementor-section-height-default elementor-section-height-default parallax_section_no qode_elementor_container_no\" data-id=\"16d130d\" data-element_type=\"section\">\n\t\t\t\t\t\t<div class=\"elementor-container elementor-column-gap-default\">\n\t\t\t\t\t<div class=\"elementor-column elementor-col-50 elementor-top-column elementor-element elementor-element-13809ef\" data-id=\"13809ef\" data-element_type=\"column\">\n\t\t\t<div class=\"elementor-widget-wrap elementor-element-populated\">\n\t\t\t\t\t\t<div class=\"elementor-element elementor-element-e4c8132 elementor-widget elementor-widget-heading\" data-id=\"e4c8132\" data-element_type=\"widget\" data-widget_type=\"heading.default\">\n\t\t\t\t<div class=\"elementor-widget-container\">\n\t\t\t\t\t<p class=\"elementor-heading-title elementor-size-default\">LOS OR\u00cdGENES DE MONTSERRAT<\/p>\t\t\t\t<\/div>\n\t\t\t\t<\/div>\n\t\t\t\t<div class=\"elementor-element elementor-element-abcde6b elementor-widget elementor-widget-text-editor\" data-id=\"abcde6b\" data-element_type=\"widget\" data-widget_type=\"text-editor.default\">\n\t\t\t\t<div class=\"elementor-widget-container\">\n\t\t\t\t\t\t\t\t\t<p>La formaci\u00f3n de Montserrat se remonta a millones de a\u00f1os atr\u00e1s, cuando sedimentos acumulados en un antiguo delta se compactaron y elevaron, creando las caracter\u00edsticas agujas de roca conglomerada que hoy definen el paisaje. Este entorno \u00fanico ha fascinado a visitantes y estudiosos a lo largo de la historia.<\/p>\t\t\t\t\t\t\t\t<\/div>\n\t\t\t\t<\/div>\n\t\t\t\t\t<\/div>\n\t\t<\/div>\n\t\t\t\t<div class=\"elementor-column elementor-col-50 elementor-top-column elementor-element elementor-element-09a8dd5\" data-id=\"09a8dd5\" data-element_type=\"column\">\n\t\t\t<div class=\"elementor-widget-wrap elementor-element-populated\">\n\t\t\t\t\t\t<div class=\"elementor-element elementor-element-61df7af elementor-widget elementor-widget-image\" data-id=\"61df7af\" data-element_type=\"widget\" data-widget_type=\"image.default\">\n\t\t\t\t<div class=\"elementor-widget-container\">\n\t\t\t\t\t\t\t\t\t\t\t\t\t\t\t<img fetchpriority=\"high\" decoding=\"async\" width=\"2560\" height=\"1920\" src=\"https:\/\/aeridemontserrat.com\/wp-content\/uploads\/2026\/04\/Vista_Muntanya-scaled.jpg\" class=\"attachment-full size-full wp-image-14173\" alt=\"Vista_Muntanya_Montserrat\" srcset=\"https:\/\/aeridemontserrat.com\/wp-content\/uploads\/2026\/04\/Vista_Muntanya-scaled.jpg 2560w, https:\/\/aeridemontserrat.com\/wp-content\/uploads\/2026\/04\/Vista_Muntanya-300x225.jpg 300w, https:\/\/aeridemontserrat.com\/wp-content\/uploads\/2026\/04\/Vista_Muntanya-1024x768.jpg 1024w, https:\/\/aeridemontserrat.com\/wp-content\/uploads\/2026\/04\/Vista_Muntanya-768x576.jpg 768w, https:\/\/aeridemontserrat.com\/wp-content\/uploads\/2026\/04\/Vista_Muntanya-1536x1152.jpg 1536w, https:\/\/aeridemontserrat.com\/wp-content\/uploads\/2026\/04\/Vista_Muntanya-2048x1536.jpg 2048w, https:\/\/aeridemontserrat.com\/wp-content\/uploads\/2026\/04\/Vista_Muntanya-800x600.jpg 800w, https:\/\/aeridemontserrat.com\/wp-content\/uploads\/2026\/04\/Vista_Muntanya-700x525.jpg 700w\" sizes=\"(max-width: 2560px) 100vw, 2560px\" \/>\t\t\t\t\t\t\t\t\t\t\t\t\t\t\t<\/div>\n\t\t\t\t<\/div>\n\t\t\t\t\t<\/div>\n\t\t<\/div>\n\t\t\t\t\t<\/div>\n\t\t<\/section>\n\t\t\t\t<section class=\"elementor-section elementor-top-section elementor-element elementor-element-40c9c02 elementor-reverse-mobile elementor-section-boxed elementor-section-height-default elementor-section-height-default parallax_section_no qode_elementor_container_no\" data-id=\"40c9c02\" data-element_type=\"section\">\n\t\t\t\t\t\t<div class=\"elementor-container elementor-column-gap-default\">\n\t\t\t\t\t<div class=\"elementor-column elementor-col-50 elementor-top-column elementor-element elementor-element-905f35c\" data-id=\"905f35c\" data-element_type=\"column\">\n\t\t\t<div class=\"elementor-widget-wrap elementor-element-populated\">\n\t\t\t\t\t\t<div class=\"elementor-element elementor-element-3add31d elementor-widget elementor-widget-image\" data-id=\"3add31d\" data-element_type=\"widget\" data-widget_type=\"image.default\">\n\t\t\t\t<div class=\"elementor-widget-container\">\n\t\t\t\t\t\t\t\t\t\t\t\t\t\t\t<img decoding=\"async\" width=\"2560\" height=\"1707\" src=\"https:\/\/aeridemontserrat.com\/wp-content\/uploads\/2026\/04\/Mare-de-Deu-Montserrat-scaled.jpeg\" class=\"attachment-full size-full wp-image-14178\" alt=\"\" srcset=\"https:\/\/aeridemontserrat.com\/wp-content\/uploads\/2026\/04\/Mare-de-Deu-Montserrat-scaled.jpeg 2560w, https:\/\/aeridemontserrat.com\/wp-content\/uploads\/2026\/04\/Mare-de-Deu-Montserrat-300x200.jpeg 300w, https:\/\/aeridemontserrat.com\/wp-content\/uploads\/2026\/04\/Mare-de-Deu-Montserrat-1024x683.jpeg 1024w, https:\/\/aeridemontserrat.com\/wp-content\/uploads\/2026\/04\/Mare-de-Deu-Montserrat-768x512.jpeg 768w, https:\/\/aeridemontserrat.com\/wp-content\/uploads\/2026\/04\/Mare-de-Deu-Montserrat-1536x1024.jpeg 1536w, https:\/\/aeridemontserrat.com\/wp-content\/uploads\/2026\/04\/Mare-de-Deu-Montserrat-2048x1365.jpeg 2048w, https:\/\/aeridemontserrat.com\/wp-content\/uploads\/2026\/04\/Mare-de-Deu-Montserrat-700x467.jpeg 700w\" sizes=\"(max-width: 2560px) 100vw, 2560px\" \/>\t\t\t\t\t\t\t\t\t\t\t\t\t\t\t<\/div>\n\t\t\t\t<\/div>\n\t\t\t\t\t<\/div>\n\t\t<\/div>\n\t\t\t\t<div class=\"elementor-column elementor-col-50 elementor-top-column elementor-element elementor-element-d8e98ce\" data-id=\"d8e98ce\" data-element_type=\"column\">\n\t\t\t<div class=\"elementor-widget-wrap elementor-element-populated\">\n\t\t\t\t\t\t<div class=\"elementor-element elementor-element-54974b6 elementor-widget elementor-widget-heading\" data-id=\"54974b6\" data-element_type=\"widget\" data-widget_type=\"heading.default\">\n\t\t\t\t<div class=\"elementor-widget-container\">\n\t\t\t\t\t<p class=\"elementor-heading-title elementor-size-default\">EL MONASTERIO DE MONTSERRAT <\/p>\t\t\t\t<\/div>\n\t\t\t\t<\/div>\n\t\t\t\t<div class=\"elementor-element elementor-element-f4645af elementor-widget elementor-widget-text-editor\" data-id=\"f4645af\" data-element_type=\"widget\" data-widget_type=\"text-editor.default\">\n\t\t\t\t<div class=\"elementor-widget-container\">\n\t\t\t\t\t\t\t\t\t<p>El coraz\u00f3n espiritual de la monta\u00f1a es el Monasterio de Montserrat, fundado en el siglo XI. Seg\u00fan la tradici\u00f3n, en el a\u00f1o 880 se descubri\u00f3 una imagen de la Virgen en una cueva de la monta\u00f1a, conocida hoy como la Moreneta, patrona de Catalu\u00f1a. Este hecho impuls\u00f3 la construcci\u00f3n del monasterio, que con el tiempo se convirti\u00f3 en centro religioso y cultural de gran relevancia.<\/p>\t\t\t\t\t\t\t\t<\/div>\n\t\t\t\t<\/div>\n\t\t\t\t\t<\/div>\n\t\t<\/div>\n\t\t\t\t\t<\/div>\n\t\t<\/section>\n\t\t\t\t<section class=\"elementor-section elementor-top-section elementor-element elementor-element-d18ae3d elementor-reverse-mobile elementor-section-boxed elementor-section-height-default elementor-section-height-default parallax_section_no qode_elementor_container_no\" data-id=\"d18ae3d\" data-element_type=\"section\">\n\t\t\t\t\t\t<div class=\"elementor-container elementor-column-gap-default\">\n\t\t\t\t\t<div class=\"elementor-column elementor-col-50 elementor-top-column elementor-element elementor-element-9c49220\" data-id=\"9c49220\" data-element_type=\"column\">\n\t\t\t<div class=\"elementor-widget-wrap elementor-element-populated\">\n\t\t\t\t\t\t<div class=\"elementor-element elementor-element-8338659 elementor-widget elementor-widget-text-editor\" data-id=\"8338659\" data-element_type=\"widget\" data-widget_type=\"text-editor.default\">\n\t\t\t\t<div class=\"elementor-widget-container\">\n\t\t\t\t\t\t\t\t\t<p>Durante siglos, el monasterio ha sido testigo de momentos clave de la historia catalana, incluyendo invasiones, destrucciones y reconstrucciones, especialmente durante la Guerra de la Independencia en el siglo XIX. A pesar de ello, Montserrat ha sabido preservar su identidad y continuar siendo un s\u00edmbolo de resistencia y espiritualidad.<\/p>\t\t\t\t\t\t\t\t<\/div>\n\t\t\t\t<\/div>\n\t\t\t\t\t<\/div>\n\t\t<\/div>\n\t\t\t\t<div class=\"elementor-column elementor-col-50 elementor-top-column elementor-element elementor-element-d8e939c\" data-id=\"d8e939c\" data-element_type=\"column\">\n\t\t\t<div class=\"elementor-widget-wrap elementor-element-populated\">\n\t\t\t\t\t\t<div class=\"elementor-element elementor-element-d9ae971 elementor-widget elementor-widget-image\" data-id=\"d9ae971\" data-element_type=\"widget\" data-widget_type=\"image.default\">\n\t\t\t\t<div class=\"elementor-widget-container\">\n\t\t\t\t\t\t\t\t\t\t\t\t\t\t\t<img decoding=\"async\" width=\"1600\" height=\"1067\" src=\"https:\/\/aeridemontserrat.com\/wp-content\/uploads\/2026\/01\/miamoments-80.jpg\" class=\"attachment-full size-full wp-image-13099\" alt=\"Abadia-de-Monsterrat\" srcset=\"https:\/\/aeridemontserrat.com\/wp-content\/uploads\/2026\/01\/miamoments-80.jpg 1600w, https:\/\/aeridemontserrat.com\/wp-content\/uploads\/2026\/01\/miamoments-80-300x200.jpg 300w, https:\/\/aeridemontserrat.com\/wp-content\/uploads\/2026\/01\/miamoments-80-1024x683.jpg 1024w, https:\/\/aeridemontserrat.com\/wp-content\/uploads\/2026\/01\/miamoments-80-768x512.jpg 768w, https:\/\/aeridemontserrat.com\/wp-content\/uploads\/2026\/01\/miamoments-80-1536x1024.jpg 1536w, https:\/\/aeridemontserrat.com\/wp-content\/uploads\/2026\/01\/miamoments-80-700x467.jpg 700w\" sizes=\"(max-width: 1600px) 100vw, 1600px\" \/>\t\t\t\t\t\t\t\t\t\t\t\t\t\t\t<\/div>\n\t\t\t\t<\/div>\n\t\t\t\t\t<\/div>\n\t\t<\/div>\n\t\t\t\t\t<\/div>\n\t\t<\/section>\n\t\t\t\t<section class=\"elementor-section elementor-top-section elementor-element elementor-element-726bb29 elementor-section-boxed elementor-section-height-default elementor-section-height-default parallax_section_no qode_elementor_container_no\" data-id=\"726bb29\" data-element_type=\"section\">\n\t\t\t\t\t\t<div class=\"elementor-container elementor-column-gap-default\">\n\t\t\t\t\t<div class=\"elementor-column elementor-col-50 elementor-top-column elementor-element elementor-element-27952f4\" data-id=\"27952f4\" data-element_type=\"column\">\n\t\t\t<div class=\"elementor-widget-wrap elementor-element-populated\">\n\t\t\t\t\t\t<div class=\"elementor-element elementor-element-939aad2 elementor-widget elementor-widget-image\" data-id=\"939aad2\" data-element_type=\"widget\" data-widget_type=\"image.default\">\n\t\t\t\t<div class=\"elementor-widget-container\">\n\t\t\t\t\t\t\t\t\t\t\t\t\t\t\t<img loading=\"lazy\" decoding=\"async\" width=\"1600\" height=\"1067\" src=\"https:\/\/aeridemontserrat.com\/wp-content\/uploads\/2026\/01\/miamoments-64.jpg\" class=\"attachment-full size-full wp-image-13124\" alt=\"Abadia-de-Montserrat\" srcset=\"https:\/\/aeridemontserrat.com\/wp-content\/uploads\/2026\/01\/miamoments-64.jpg 1600w, https:\/\/aeridemontserrat.com\/wp-content\/uploads\/2026\/01\/miamoments-64-300x200.jpg 300w, https:\/\/aeridemontserrat.com\/wp-content\/uploads\/2026\/01\/miamoments-64-1024x683.jpg 1024w, https:\/\/aeridemontserrat.com\/wp-content\/uploads\/2026\/01\/miamoments-64-768x512.jpg 768w, https:\/\/aeridemontserrat.com\/wp-content\/uploads\/2026\/01\/miamoments-64-1536x1024.jpg 1536w, https:\/\/aeridemontserrat.com\/wp-content\/uploads\/2026\/01\/miamoments-64-700x467.jpg 700w\" sizes=\"(max-width: 1600px) 100vw, 1600px\" \/>\t\t\t\t\t\t\t\t\t\t\t\t\t\t\t<\/div>\n\t\t\t\t<\/div>\n\t\t\t\t\t<\/div>\n\t\t<\/div>\n\t\t\t\t<div class=\"elementor-column elementor-col-50 elementor-top-column elementor-element elementor-element-6a04a11\" data-id=\"6a04a11\" data-element_type=\"column\">\n\t\t\t<div class=\"elementor-widget-wrap elementor-element-populated\">\n\t\t\t\t\t\t<div class=\"elementor-element elementor-element-8e2ddd0 elementor-widget elementor-widget-image\" data-id=\"8e2ddd0\" data-element_type=\"widget\" data-widget_type=\"image.default\">\n\t\t\t\t<div class=\"elementor-widget-container\">\n\t\t\t\t\t\t\t\t\t\t\t\t\t\t\t<img loading=\"lazy\" decoding=\"async\" width=\"1600\" height=\"1067\" src=\"https:\/\/aeridemontserrat.com\/wp-content\/uploads\/2026\/01\/miamoments-61.jpg\" class=\"attachment-full size-full wp-image-13093\" alt=\"Aeri-de-Montserrat\" srcset=\"https:\/\/aeridemontserrat.com\/wp-content\/uploads\/2026\/01\/miamoments-61.jpg 1600w, https:\/\/aeridemontserrat.com\/wp-content\/uploads\/2026\/01\/miamoments-61-300x200.jpg 300w, https:\/\/aeridemontserrat.com\/wp-content\/uploads\/2026\/01\/miamoments-61-1024x683.jpg 1024w, https:\/\/aeridemontserrat.com\/wp-content\/uploads\/2026\/01\/miamoments-61-768x512.jpg 768w, https:\/\/aeridemontserrat.com\/wp-content\/uploads\/2026\/01\/miamoments-61-1536x1024.jpg 1536w, https:\/\/aeridemontserrat.com\/wp-content\/uploads\/2026\/01\/miamoments-61-700x467.jpg 700w\" sizes=\"(max-width: 1600px) 100vw, 1600px\" \/>\t\t\t\t\t\t\t\t\t\t\t\t\t\t\t<\/div>\n\t\t\t\t<\/div>\n\t\t\t\t\t<\/div>\n\t\t<\/div>\n\t\t\t\t\t<\/div>\n\t\t<\/section>\n\t\t\t\t<section class=\"elementor-section elementor-top-section elementor-element elementor-element-35f71a8 elementor-reverse-mobile elementor-section-boxed elementor-section-height-default elementor-section-height-default parallax_section_no qode_elementor_container_no\" data-id=\"35f71a8\" data-element_type=\"section\">\n\t\t\t\t\t\t<div class=\"elementor-container elementor-column-gap-default\">\n\t\t\t\t\t<div class=\"elementor-column elementor-col-50 elementor-top-column elementor-element elementor-element-ded4b4d\" data-id=\"ded4b4d\" data-element_type=\"column\" data-settings=\"{&quot;background_background&quot;:&quot;classic&quot;}\">\n\t\t\t<div class=\"elementor-widget-wrap elementor-element-populated\">\n\t\t\t\t\t\t<div class=\"elementor-element elementor-element-003ea1d elementor-widget elementor-widget-image\" data-id=\"003ea1d\" data-element_type=\"widget\" data-widget_type=\"image.default\">\n\t\t\t\t<div class=\"elementor-widget-container\">\n\t\t\t\t\t\t\t\t\t\t\t\t\t\t\t<img loading=\"lazy\" decoding=\"async\" width=\"800\" height=\"267\" src=\"https:\/\/aeridemontserrat.com\/wp-content\/uploads\/2020\/07\/montserrat-06.jpg\" class=\"attachment-full size-full wp-image-1995\" alt=\"\" srcset=\"https:\/\/aeridemontserrat.com\/wp-content\/uploads\/2020\/07\/montserrat-06.jpg 800w, https:\/\/aeridemontserrat.com\/wp-content\/uploads\/2020\/07\/montserrat-06-300x100.jpg 300w, https:\/\/aeridemontserrat.com\/wp-content\/uploads\/2020\/07\/montserrat-06-768x256.jpg 768w, https:\/\/aeridemontserrat.com\/wp-content\/uploads\/2020\/07\/montserrat-06-700x234.jpg 700w\" sizes=\"(max-width: 800px) 100vw, 800px\" \/>\t\t\t\t\t\t\t\t\t\t\t\t\t\t\t<\/div>\n\t\t\t\t<\/div>\n\t\t\t\t\t<\/div>\n\t\t<\/div>\n\t\t\t\t<div class=\"elementor-column elementor-col-50 elementor-top-column elementor-element elementor-element-b46b88d\" data-id=\"b46b88d\" data-element_type=\"column\" data-settings=\"{&quot;background_background&quot;:&quot;classic&quot;}\">\n\t\t\t<div class=\"elementor-widget-wrap elementor-element-populated\">\n\t\t\t\t\t\t<div class=\"elementor-element elementor-element-69ab0bb elementor-widget elementor-widget-heading\" data-id=\"69ab0bb\" data-element_type=\"widget\" data-widget_type=\"heading.default\">\n\t\t\t\t<div class=\"elementor-widget-container\">\n\t\t\t\t\t<p class=\"elementor-heading-title elementor-size-default\">MAPA DEL MONASTERIO<\/p>\t\t\t\t<\/div>\n\t\t\t\t<\/div>\n\t\t\t\t<div class=\"elementor-element elementor-element-3d75e3c elementor-widget elementor-widget-text-editor\" data-id=\"3d75e3c\" data-element_type=\"widget\" data-widget_type=\"text-editor.default\">\n\t\t\t\t<div class=\"elementor-widget-container\">\n\t\t\t\t\t\t\t\t\tHaz clic en el siguiente bot\u00f3n para descargar el mapa del monasterio en PDF. \t\t\t\t\t\t\t\t<\/div>\n\t\t\t\t<\/div>\n\t\t\t\t<div class=\"elementor-element elementor-element-198dc39 elementor-mobile-align-center elementor-widget elementor-widget-button\" data-id=\"198dc39\" data-element_type=\"widget\" data-widget_type=\"button.default\">\n\t\t\t\t<div class=\"elementor-widget-container\">\n\t\t\t\t\t\t\t\t\t<div class=\"elementor-button-wrapper\">\n\t\t\t\t\t<a class=\"elementor-button elementor-button-link elementor-size-lg\" href=\"https:\/\/aeridemontserrat.com\/wp-content\/uploads\/2020\/07\/mapa-del-monestir_1152_ca.pdf\">\n\t\t\t\t\t\t<span class=\"elementor-button-content-wrapper\">\n\t\t\t\t\t\t\t\t\t<span class=\"elementor-button-text\">Ver mapa en PDF<\/span>\n\t\t\t\t\t<\/span>\n\t\t\t\t\t<\/a>\n\t\t\t\t<\/div>\n\t\t\t\t\t\t\t\t<\/div>\n\t\t\t\t<\/div>\n\t\t\t\t\t<\/div>\n\t\t<\/div>\n\t\t\t\t\t<\/div>\n\t\t<\/section>\n\t\t\t\t<section class=\"elementor-section elementor-top-section elementor-element elementor-element-382ea1c elementor-section-full_width elementor-section-height-default elementor-section-height-default parallax_section_no qode_elementor_container_no\" data-id=\"382ea1c\" data-element_type=\"section\">\n\t\t\t\t\t\t<div class=\"elementor-container elementor-column-gap-default\">\n\t\t\t\t\t<div class=\"elementor-column elementor-col-100 elementor-top-column elementor-element elementor-element-4f14558\" data-id=\"4f14558\" data-element_type=\"column\">\n\t\t\t<div class=\"elementor-widget-wrap elementor-element-populated\">\n\t\t\t\t\t\t<div class=\"elementor-element elementor-element-ad598da elementor-widget elementor-widget-text-editor\" data-id=\"ad598da\" data-element_type=\"widget\" data-widget_type=\"text-editor.default\">\n\t\t\t\t<div class=\"elementor-widget-container\">\n\t\t\t\t\t\t\t\t\tPara ampliar informaci\u00f3n, puedes consultar los siguientes enlaces \t\t\t\t\t\t\t\t<\/div>\n\t\t\t\t<\/div>\n\t\t\t\t<div class=\"elementor-element elementor-element-745cfca elementor-align-center montserrat-button elementor-widget elementor-widget-button\" data-id=\"745cfca\" data-element_type=\"widget\" data-widget_type=\"button.default\">\n\t\t\t\t<div class=\"elementor-widget-container\">\n\t\t\t\t\t\t\t\t\t<div class=\"elementor-button-wrapper\">\n\t\t\t\t\t<a class=\"elementor-button elementor-button-link elementor-size-lg\" href=\"https:\/\/abadiamontserrat.cat\/es\/\" target=\"_blank\">\n\t\t\t\t\t\t<span class=\"elementor-button-content-wrapper\">\n\t\t\t\t\t\t\t\t\t<span class=\"elementor-button-text\">DESCUBRE LA <b>ABAD\u00cdA DE MONTSERRAT<\/b><\/span>\n\t\t\t\t\t<\/span>\n\t\t\t\t\t<\/a>\n\t\t\t\t<\/div>\n\t\t\t\t\t\t\t\t<\/div>\n\t\t\t\t<\/div>\n\t\t\t\t<div class=\"elementor-element elementor-element-2cbb7d6 elementor-align-center montserrat-button elementor-widget elementor-widget-button\" data-id=\"2cbb7d6\" data-element_type=\"widget\" data-widget_type=\"button.default\">\n\t\t\t\t<div class=\"elementor-widget-container\">\n\t\t\t\t\t\t\t\t\t<div class=\"elementor-button-wrapper\">\n\t\t\t\t\t<a class=\"elementor-button elementor-button-link elementor-size-lg\" href=\"https:\/\/amicsdemontserrat.cat\/\" target=\"_blank\">\n\t\t\t\t\t\t<span class=\"elementor-button-content-wrapper\">\n\t\t\t\t\t\t\t\t\t<span class=\"elementor-button-text\">CONOCE AMICS DE MONTSERRAT Y <b>FES-TE AMIC <\/b><\/span>\n\t\t\t\t\t<\/span>\n\t\t\t\t\t<\/a>\n\t\t\t\t<\/div>\n\t\t\t\t\t\t\t\t<\/div>\n\t\t\t\t<\/div>\n\t\t\t\t\t<\/div>\n\t\t<\/div>\n\t\t\t\t\t<\/div>\n\t\t<\/section>\n\t\t\t\t<section class=\"elementor-section elementor-top-section elementor-element elementor-element-318d940 elementor-section-boxed elementor-section-height-default elementor-section-height-default parallax_section_no qode_elementor_container_no\" data-id=\"318d940\" data-element_type=\"section\">\n\t\t\t\t\t\t<div class=\"elementor-container elementor-column-gap-default\">\n\t\t\t\t\t<div class=\"elementor-column elementor-col-100 elementor-top-column elementor-element elementor-element-a059217\" data-id=\"a059217\" data-element_type=\"column\">\n\t\t\t<div class=\"elementor-widget-wrap elementor-element-populated\">\n\t\t\t\t\t\t<div class=\"elementor-element elementor-element-816c7dd elementor-widget elementor-widget-image\" data-id=\"816c7dd\" data-element_type=\"widget\" data-widget_type=\"image.default\">\n\t\t\t\t<div class=\"elementor-widget-container\">\n\t\t\t\t\t\t\t\t\t\t\t\t\t\t\t<img loading=\"lazy\" decoding=\"async\" width=\"1024\" height=\"146\" src=\"https:\/\/aeridemontserrat.com\/wp-content\/uploads\/2026\/02\/HazteAmigobanner3x21_2024A-1024x146.jpg\" class=\"attachment-large size-large wp-image-13628\" alt=\"\" srcset=\"https:\/\/aeridemontserrat.com\/wp-content\/uploads\/2026\/02\/HazteAmigobanner3x21_2024A-1024x146.jpg 1024w, https:\/\/aeridemontserrat.com\/wp-content\/uploads\/2026\/02\/HazteAmigobanner3x21_2024A-300x43.jpg 300w, https:\/\/aeridemontserrat.com\/wp-content\/uploads\/2026\/02\/HazteAmigobanner3x21_2024A-768x110.jpg 768w, https:\/\/aeridemontserrat.com\/wp-content\/uploads\/2026\/02\/HazteAmigobanner3x21_2024A-700x100.jpg 700w, https:\/\/aeridemontserrat.com\/wp-content\/uploads\/2026\/02\/HazteAmigobanner3x21_2024A.jpg 1240w\" sizes=\"(max-width: 1024px) 100vw, 1024px\" \/>\t\t\t\t\t\t\t\t\t\t\t\t\t\t\t<\/div>\n\t\t\t\t<\/div>\n\t\t\t\t\t<\/div>\n\t\t<\/div>\n\t\t\t\t\t<\/div>\n\t\t<\/section>\n\t\t\t\t<\/div>\n\t\t","protected":false},"excerpt":{"rendered":"<p>HISTORIA DE MONTSERRAT: S\u00edmbolo espiritual y natural de Catalu\u00f1a El macizo de Montserrat es uno de los lugares m\u00e1s emblem\u00e1ticos de Catalu\u00f1a, tanto por su singular formaci\u00f3n geol\u00f3gica como por su profunda importancia cultural y espiritual. Ha sido durante siglos, punto de peregrinaci\u00f3n, cultura y&#8230;<\/p>\n","protected":false},"author":1,"featured_media":0,"parent":0,"menu_order":0,"comment_status":"closed","ping_status":"closed","template":"full_width.php","meta":{"footnotes":""},"class_list":["post-1988","page","type-page","status-publish","hentry"],"_links":{"self":[{"href":"https:\/\/aeridemontserrat.com\/es\/wp-json\/wp\/v2\/pages\/1988","targetHints":{"allow":["GET"]}}],"collection":[{"href":"https:\/\/aeridemontserrat.com\/es\/wp-json\/wp\/v2\/pages"}],"about":[{"href":"https:\/\/aeridemontserrat.com\/es\/wp-json\/wp\/v2\/types\/page"}],"author":[{"embeddable":true,"href":"https:\/\/aeridemontserrat.com\/es\/wp-json\/wp\/v2\/users\/1"}],"replies":[{"embeddable":true,"href":"https:\/\/aeridemontserrat.com\/es\/wp-json\/wp\/v2\/comments?post=1988"}],"version-history":[{"count":33,"href":"https:\/\/aeridemontserrat.com\/es\/wp-json\/wp\/v2\/pages\/1988\/revisions"}],"predecessor-version":[{"id":14234,"href":"https:\/\/aeridemontserrat.com\/es\/wp-json\/wp\/v2\/pages\/1988\/revisions\/14234"}],"wp:attachment":[{"href":"https:\/\/aeridemontserrat.com\/es\/wp-json\/wp\/v2\/media?parent=1988"}],"curies":[{"name":"wp","href":"https:\/\/api.w.org\/{rel}","templated":true}]}}